{"id":25,"date":"2024-04-25T15:37:42","date_gmt":"2024-04-25T13:37:42","guid":{"rendered":"https:\/\/daskapitelzwei.de\/?page_id=25"},"modified":"2026-04-24T19:21:00","modified_gmt":"2026-04-24T17:21:00","slug":"aktuelles","status":"publish","type":"page","link":"https:\/\/daskapitelzwei.de\/en\/aktuelles\/","title":{"rendered":"News &amp; Calendar"},"content":{"rendered":"<p><iframe loading=\"lazy\" frameborder=\"0\" height=\"500px\" width=\"100%\" src=\"https:\/\/kalender.digital\/ff96f6872f1449b294ec?iframe=true\"><\/iframe><\/p>\n\n\n\n<hr class=\"wp-block-separator has-alpha-channel-opacity\"\/>\n\n\n\n<details class=\"wp-block-details is-layout-flow wp-block-details-is-layout-flow\"><summary>Yoga with Selina<\/summary>\n<p>Am Montag findet aktuell jede zweite Woche Yoga im Kapitel um 18:30 Uhr statt \u2728\ud83d\udc9b<\/p>\n\n\n\n<p>Mir pers\u00f6nlich ist die Balance zwischen Aktivierung und Entspannung sehr wichtig. In den Stunden flie\u00dfen wir durch einen Vinyasa Flow und verbinden bewusst Atem und Bewegung. Am Ende lassen wir die freigesetzte Energie in Shavasana ganz in Ruhe wirken und sich setzen.<\/p>\n\n\n\n<p>Yoga ist f\u00fcr mich eine Praxis von K\u00f6rper, Geist und Seele. Neben der k\u00f6rperlichen Praxis gebe ich gerne Impulse \u2013 inspiriert und angelehnt an die yogische Lehre, vor allem an die Yoga Sutras. Diese Impulse \u00fcben wir gemeinsam auf der Matte und du darfst sie gerne auch mit in deinen Alltag nehmen.<\/p>\n\n\n\n<p>Ich freue mich auf alle, die die Praxis mit mir teilen m\u00f6chten.<br>Die Wertsch\u00e4tzungsempfehlung liegt zwischen 8 und 12 \u20ac \u2013 oder einfach so viel, wie du geben kannst. Ein Teil geht immer ans Kapitel, um diesen wundervollen Ort weiterhin als Space zu halten und zu unterst\u00fctzen. \ud83e\udd0d\ud83c\udf08<\/p>\n<\/details>\n\n\n\n<details class=\"wp-block-details is-layout-flow wp-block-details-is-layout-flow\"><summary>Open self-assertion training for queers and women<\/summary>\n<div class=\"wp-block-media-text is-stacked-on-mobile\" style=\"grid-template-columns:28% auto\"><figure class=\"wp-block-media-text__media\"><img loading=\"lazy\" decoding=\"async\" width=\"819\" height=\"1024\" src=\"https:\/\/daskapitelzwei.de\/wp-content\/uploads\/2026\/04\/selbstbehauptungstraining-april-819x1024.jpg\" alt=\"\" class=\"wp-image-480 size-full\" srcset=\"https:\/\/daskapitelzwei.de\/wp-content\/uploads\/2026\/04\/selbstbehauptungstraining-april-819x1024.jpg 819w, https:\/\/daskapitelzwei.de\/wp-content\/uploads\/2026\/04\/selbstbehauptungstraining-april-240x300.jpg 240w, https:\/\/daskapitelzwei.de\/wp-content\/uploads\/2026\/04\/selbstbehauptungstraining-april-768x960.jpg 768w, https:\/\/daskapitelzwei.de\/wp-content\/uploads\/2026\/04\/selbstbehauptungstraining-april-10x12.jpg 10w, https:\/\/daskapitelzwei.de\/wp-content\/uploads\/2026\/04\/selbstbehauptungstraining-april.jpg 1024w\" sizes=\"auto, (max-width: 819px) 100vw, 819px\" \/><\/figure><div class=\"wp-block-media-text__content\">\n<p>From now on, every last Tuesday of the month.<br>It starts at 6 p.m. and lasts until around 9 p.m.<br>No previous experience is necessary. Just wear comfortable clothing that allows you to move freely. All bodies are welcome.<\/p>\n<\/div><\/div>\n\n\n\n<div class=\"wp-block-media-text has-media-on-the-right is-stacked-on-mobile\" style=\"grid-template-columns:auto 29%\"><div class=\"wp-block-media-text__content\">\n<p>We strengthen our awareness and practice setting boundaries verbally and physically. We practice liberation and defense techniques. And we have a fun and enjoyable time together. We decide what we do each time based on the mood of the group :)<\/p>\n\n\n\n<p>Come as you are. If you have any questions in advance, you can send us a message here on Insta.<\/p>\n<\/div><figure class=\"wp-block-media-text__media\"><img loading=\"lazy\" decoding=\"async\" width=\"819\" height=\"1024\" src=\"https:\/\/daskapitelzwei.de\/wp-content\/uploads\/2026\/04\/selbstbehauptungstraining-juni-819x1024.jpg\" alt=\"\" class=\"wp-image-481 size-full\" srcset=\"https:\/\/daskapitelzwei.de\/wp-content\/uploads\/2026\/04\/selbstbehauptungstraining-juni-819x1024.jpg 819w, https:\/\/daskapitelzwei.de\/wp-content\/uploads\/2026\/04\/selbstbehauptungstraining-juni-240x300.jpg 240w, https:\/\/daskapitelzwei.de\/wp-content\/uploads\/2026\/04\/selbstbehauptungstraining-juni-768x960.jpg 768w, https:\/\/daskapitelzwei.de\/wp-content\/uploads\/2026\/04\/selbstbehauptungstraining-juni-10x12.jpg 10w, https:\/\/daskapitelzwei.de\/wp-content\/uploads\/2026\/04\/selbstbehauptungstraining-juni.jpg 1024w\" sizes=\"auto, (max-width: 819px) 100vw, 819px\" \/><\/figure><\/div>\n\n\n\n<p>The training is in German, but we can certainly find a solution with English translation. And it's for free, but we appreciate donations for the rent.<\/p>\n<\/details>\n\n\n\n<details class=\"wp-block-details is-layout-flow wp-block-details-is-layout-flow\"><summary>Elmas Folklore Academy<\/summary>\n<div class=\"wp-block-media-text is-stacked-on-mobile\" style=\"grid-template-columns:37% auto\"><figure class=\"wp-block-media-text__media\"><img loading=\"lazy\" decoding=\"async\" width=\"824\" height=\"1024\" src=\"https:\/\/daskapitelzwei.de\/wp-content\/uploads\/2026\/03\/Bildschirmfoto-2026-03-02-um-10.37.11-1-824x1024.png\" alt=\"\" class=\"wp-image-412 size-full\" srcset=\"https:\/\/daskapitelzwei.de\/wp-content\/uploads\/2026\/03\/Bildschirmfoto-2026-03-02-um-10.37.11-1-824x1024.png 824w, https:\/\/daskapitelzwei.de\/wp-content\/uploads\/2026\/03\/Bildschirmfoto-2026-03-02-um-10.37.11-1-242x300.png 242w, https:\/\/daskapitelzwei.de\/wp-content\/uploads\/2026\/03\/Bildschirmfoto-2026-03-02-um-10.37.11-1-768x954.png 768w, https:\/\/daskapitelzwei.de\/wp-content\/uploads\/2026\/03\/Bildschirmfoto-2026-03-02-um-10.37.11-1-10x12.png 10w, https:\/\/daskapitelzwei.de\/wp-content\/uploads\/2026\/03\/Bildschirmfoto-2026-03-02-um-10.37.11-1.png 1008w\" sizes=\"auto, (max-width: 824px) 100vw, 824px\" \/><\/figure><div class=\"wp-block-media-text__content\">\n<p>tanz mit uns bei elmas&#8216; folklore academy &#8211; volkst\u00e4nze f\u00fcr jedes level und alle FLINTA*<\/p>\n\n\n\n<p>where: kapitel 3, mainaustra\u00dfe 50, w\u00fcrzburg<br>when: starting at 7 pm<\/p>\n\n\n\n<p>&#8211; 10.03.<br>&#8211; 24.03.<br>&#8211; 14.04.<\/p>\n\n\n\n<p>more info:\nelmasfolkloreacademy@hotmail.de<\/p>\n<\/div><\/div>\n<\/details>\n\n\n\n<details class=\"wp-block-details is-layout-flow wp-block-details-is-layout-flow\"><summary>Learning space 4 queers and friends<\/summary>\n<div class=\"wp-block-media-text is-stacked-on-mobile\" style=\"grid-template-columns:40% auto\"><figure class=\"wp-block-media-text__media\"><img loading=\"lazy\" decoding=\"async\" width=\"1024\" height=\"1024\" src=\"https:\/\/daskapitelzwei.de\/wp-content\/uploads\/2026\/02\/Lernspace-1024x1024.jpg\" alt=\"\" class=\"wp-image-396 size-full\" srcset=\"https:\/\/daskapitelzwei.de\/wp-content\/uploads\/2026\/02\/Lernspace-1024x1024.jpg 1024w, https:\/\/daskapitelzwei.de\/wp-content\/uploads\/2026\/02\/Lernspace-300x300.jpg 300w, https:\/\/daskapitelzwei.de\/wp-content\/uploads\/2026\/02\/Lernspace-150x150.jpg 150w, https:\/\/daskapitelzwei.de\/wp-content\/uploads\/2026\/02\/Lernspace-768x768.jpg 768w, https:\/\/daskapitelzwei.de\/wp-content\/uploads\/2026\/02\/Lernspace-12x12.jpg 12w, https:\/\/daskapitelzwei.de\/wp-content\/uploads\/2026\/02\/Lernspace.jpg 1200w\" sizes=\"auto, (max-width: 1024px) 100vw, 1024px\" \/><\/figure><div class=\"wp-block-media-text__content\">\n<p>Exam stress, graduation is just around the corner, presentation coming up?<br>Many queer people do not have a good place at home to study or do schoolwork in a quiet and safe environment. That is why, starting on February 26, Kapitel 3 will open its doors every Thursday from 3 to 6 p.m. for queer and queer-friendly students to study independently, do homework, prepare presentations, etc.<\/p>\n<\/div><\/div>\n\n\n\n<p>Here you will find: tables, chairs, sofas, paper, pens, creative materials, tea, coffee, water, a quiet working atmosphere, contact persons for the room, and in some cases also for assistance with topic-related questions (but no guarantee).<br>We are trying to cook vegan food for you and are in the process of setting up the internet, but it won't be ready on the 26th.<br>We ask that you keep the room quiet and focused on work. If you want to chat or chill, please go outside.<br>The offer is explicitly not a daycare service, but is intended for independent work.<br>Feel free to come by and bring your friends! If you need more information or have any other requests, please send us a DM.<\/p>\n<\/details>\n\n\n\n<details class=\"wp-block-details is-layout-flow wp-block-details-is-layout-flow\"><summary>OAT (open antifascist meeting)<\/summary>\n<p>Das OAT ist offen f\u00fcr alle, die sich gegen den Rechtsruck in unserer Gesellschaft organisieren wollen. Komm einfach vorbei, lern uns kennen und organisier mit. <\/p>\n<\/details>\n\n\n\n<details class=\"wp-block-details is-layout-flow wp-block-details-is-layout-flow\"><summary>GIANT* Afternoon <\/summary>\n<p>GIANT* &#8211; Genderfluid_queer, Inter, Agender, Nonbin\u00e4r, Trans und alle im Spektrum der queeren Geschlechtsidentit\u00e4ten Nachmittag \ud83d\udc9c<\/p>\n\n\n\n<p>(Beschreibung in Deutsch, Leichte Sprache, English) <br><br>Wir hei\u00dfen euch willkommen im Kapitel 3!<br>Jeden letzten Mittwoch im Monat! 15\u201317 Uhr<br><br>F\u00fcr einige von uns sind FLINTA*-R\u00e4ume oft nicht ausreichend gestaltet, um uns vor Gewalt, Ausgrenzung und Diskriminierung zu sch\u00fctzen. Deshalb haben wir diesen Raum f\u00fcr unsere Community geschaffen.<br>Wir geben kein Programm vor; sondern wollen erst mal als Gemeinschaft in diesem Raum zusammenzukommen. Gemeinsam werden wir rausfinden, was sich entwickelt. Egal, ob einfach nur chillen, sich vernetzen, malen, lesen, lernen, schreiben, basteln, kochen, Spiele spielen oder Informationen austauschen, Vortr\u00e4ge halten, K-Pop zu tanzen, andere T\u00e4nze zu lernen, Drag Creatures auszuprobieren, Comedy machen, Musik spielen\u2026 (Fast) Alles ist m\u00f6glich.<br>Lasst uns gemeinsam etwas daraus machen \ud83d\ude42<br>Der Raum wird uns kostenlos zur Verf\u00fcgung gestellt, aber wir werden eine Community-Kasse aufstellen, um daraus z.B. Anschaffungen f\u00fcr die Gruppe zu finanzieren; ansonsten freut sich das Kapitel 3 immer \u00fcber Spenden. Spende so viel du m\u00f6chtest, WENN du kannst.<\/p>\n\n\n\n<p>Kapitel 3 ist rollstuhlgerecht.<br>Eine rollstuhlgerechte Toilette f\u00fcr alle.<br>Vegane Snacks verf\u00fcgbar.<br>Alle Altersgruppen willkommen!<br>Keine Vorurteile am Eingang \u2013 wir schlie\u00dfen niemanden aufgrund seines Aussehens aus. Identit\u00e4t l\u00e4sst sich nicht anhand des \u00e4u\u00dferen Erscheinungsbildes bestimmen. Du geh\u00f6rst hierher \ud83d\udc9c<br>Wir stehen solidarisch gegen alle Formen der Unterdr\u00fcckung. Gleichzeitig erkennen wir an, dass Diskriminierung in sozialen Strukturen verankert ist und auch unbeabsichtigt fortbesteht. Deshalb reflektieren wir kontinuierlich unser eigenes Handeln und unsere Struktur und uns ist es wichtig, diese entsprechend zu verbessern.<br>Solltest du bei der Veranstaltung diskriminierendes Verhalten erleben oder dich unwohl f\u00fchlen, wende dich bitte an die veranstaltende Person oder an die Gruppe, sofern dies f\u00fcr dich m\u00f6glich ist. Wir nehmen dein Feedback ernst. Au\u00dferhalb der Veranstaltung kannst du uns jederzeit unter taliaklenk@etik.com oder Insta @risewue erreichen oder dich an das Kapitel 3 wende @daskapiteldrei | info@daskapitelzwei.de.<br>Die veranstaltende Person ist eine wei\u00dfe neurodivergente trans<em>nonbinary Person. Wir freuen uns darauf, dich kennenzulernen! <\/em><\/p>\n\n\n\n<p><\/p>\n\n\n\n<p><strong><em>Einfache Sprache (deutsch) GIANT<\/em> Nachmittag<\/strong><\/p>\n\n\n\n<p>Rise Queere B\u00fchne pr\u00e4sentiert:<br>Mittwoch 25.03.2026<br>Der Nachmittag ist f\u00fcr: Genderfluid und genderqueer. Inter. Agender. Nonbin\u00e4r. Trans. Alle Menschen mit queeren Geschlechtsidentit\u00e4ten.<br>Kommt in das Kapitel 3.<br>Das Treffen ist jeden letzten Mittwoch im Monat.<br>Es ist von 15 Uhr bis 17 Uhr.<br>Manche FLINTA* R\u00e4ume sind nicht sicher genug. FLINTA* bedeutet: Frauen, Lesben, Inter, Nicht-bin\u00e4r, Trans und Agender.<br>Diese R\u00e4ume sch\u00fctzen oft nicht vor Gewalt.<br>Und sie sch\u00fctzen oft nicht vor Ausgrenzung.<br>Darum haben wir diesen eigenen Raum gemacht..<br>Dieser Raum ist f\u00fcr unsere Community.<br>Community bedeutet Gemeinschaft.<br>Wir wollen einfach zusammenkommen.<br>Wir werden gemeinsam herausfinden:<br>Was wollen wir hier machen?<br>Wir k\u00f6nnen viele Sachen machen:<br>Einfach entspannen.<br>Kontakte kn\u00fcpfen.<br>Malen.<br>Lesen.<br>Lernen.<br>Schreiben.<br>Basteln.<br>Kochen.<br>Spiele spielen.<br>Informationen austauschen.<br>Vortr\u00e4ge halten.<br>K-Pop tanzen.<br>Andere T\u00e4nze lernen.<br>Drag Creatures ausprobieren.<br>Comedy machen.<br>Musik spielen.<br>Fast alles ist m\u00f6glich.<br>Wir bekommen den Raum kostenlos.<br>Aber wir sammeln Geld f\u00fcr die Gruppe.<br>Das Geld ist f\u00fcr Sachen, die wir vielleicht brauchen.<br>Spenden f\u00fcr den Raum sind auch willkommen.<br>Du kannst so viel spenden, wie du willst.<br>Spende nur, wenn du Geld hast.<br>Der Raum ist f\u00fcr Rollst\u00fchle gut.<br>Es gibt eine Toilette f\u00fcr Alle.<br>Menschen im Rollstuhl k\u00f6nnen die Toilette benutzen.<br>Es gibt vegane Snacks.<br>Das hei\u00dft:<br>Essen ohne tierische Produkte.<br>Alle Menschen sind willkommen.<br>Egal wie alt sie sind.<br>Wir schlie\u00dfen niemanden aus.<br>Das Aussehen spielt keine Rolle.<br>Du geh\u00f6rst hierher.<br>Wir sind gegen Unterdr\u00fcckung.<br>Unterdr\u00fcckung gibt es in der Gesellschaft.<br>Sie passiert oft ohne Absicht.<br>Wir pr\u00fcfen unser Verhalten immer wieder.<br>Wir wollen besser werden.<br>Jemand ist b\u00f6se zu dir?<br>Du f\u00fchlst dich nicht gut?<br>Wende dich an die Person, die die Veranstaltung macht.<br>Oder wende dich an die Gruppe.<br>Wenn du kannst.<br>Wir glauben dir.<br>Du kannst uns auch sp\u00e4ter schreiben.<br>Schreib uns bei Insta @risewue. Oder schreib eine E-Mail an taliaklenk@etik.com.<br>Die veranstaltende Person ist wei\u00df.<br>Die Person hat Autismus und ADHS. Das hei\u00dft: Die Person hat eine andere Art zu denken.<br>Die Person ist Trans und Nonbin\u00e4r.<br>Wir freuen uns, dich zu treffen.<br>English version:<br>GIANT* Wednesday 25 March 2026<br>&nbsp;<br><strong>RISE Queer Stage presents:<\/strong><br>GIANT* &#8211; genderfluid_queer, inter, agender, nonbinary, trans and <em>queer gender identities afternoon \ud83d\udc9c&nbsp; We welcome you at Kapitel 3 at Mainaustr. 50, 97082 W\u00fcrzburg! Every last Wednesday of the month! 15h &#8211; 17h For some of us FLINTA<\/em> Spaces are often not designed sufficiently enough to keep us safe from violence, exclusion and discriminiation. That\u2019s why we created this space for our community.<br>We don\u2019t have a set program; the main goal is simply to come together as a community in this space. Together, we\u2019ll figure out what develops. Whether it\u2019s just to chill out, network, paint, read, study, write, do crafts, cook, play games, or share information, or to give talks, dance to K-pop, learn other dances, try out drag creatures, do comedy, play music\u2026 (Almost) anything is possible.<br>Let\u2019s make something of this together \ud83d\ude42<br>The space is being provided to us free of charge, but we\u2019ll set up a community fund to cover expenses like supplies; otherwise, Kapitel 3 is always happy to receive donations.<br>Kapitel 3 is wheelchair accessible.<br>One wheelchair-accessible restroom for everyone.<br>Vegan snacks available.<br>All ages welcome!<br>No judgment at the door\u2014we won\u2019t exclude anyone based on their appearance. Identity can\u2019t be determined by outward appearances. You belong here \ud83d\udc9c<br>We stand in solidarity against all forms of oppression. At the same time, we recognize that discrimination is embedded in social structures and are perpetuated even unintentionally. That is why we continually reflect on our own actions and structure and it<em>s important for us to improve them accordingly. If you experience discriminatory behavior at the event, or if you feel uncomfortable, let the host or the group know if you can. We take your feedback seriously. Outside of the event, you can contact us at any time at taliaklenk@etik.com | @taliaklenk on Insta or contact Kapitel 3 info@daskapitelzwei.de The host of this event is a white neurodivergent trans<\/em>nonbinary person.<br>We are happy to meet you!<\/p>\n\n\n\n<figure class=\"wp-block-gallery has-nested-images columns-default is-cropped wp-block-gallery-1 is-layout-flex wp-block-gallery-is-layout-flex\">\n<figure class=\"wp-block-image size-large\"><img loading=\"lazy\" decoding=\"async\" width=\"819\" height=\"1024\" data-id=\"451\" src=\"https:\/\/daskapitelzwei.de\/wp-content\/uploads\/2026\/03\/GIANTAfternoon-1-819x1024.jpeg\" alt=\"\" class=\"wp-image-451\" srcset=\"https:\/\/daskapitelzwei.de\/wp-content\/uploads\/2026\/03\/GIANTAfternoon-1-819x1024.jpeg 819w, https:\/\/daskapitelzwei.de\/wp-content\/uploads\/2026\/03\/GIANTAfternoon-1-240x300.jpeg 240w, https:\/\/daskapitelzwei.de\/wp-content\/uploads\/2026\/03\/GIANTAfternoon-1-768x960.jpeg 768w, https:\/\/daskapitelzwei.de\/wp-content\/uploads\/2026\/03\/GIANTAfternoon-1-10x12.jpeg 10w, https:\/\/daskapitelzwei.de\/wp-content\/uploads\/2026\/03\/GIANTAfternoon-1.jpeg 1080w\" sizes=\"auto, (max-width: 819px) 100vw, 819px\" \/><\/figure>\n<\/figure>\n<\/details>\n\n\n\n<hr class=\"wp-block-separator has-alpha-channel-opacity\"\/>\n\n\n\n<div class=\"wp-block-media-text is-stacked-on-mobile\" style=\"grid-template-columns:48% auto\"><figure class=\"wp-block-media-text__media\"><img loading=\"lazy\" decoding=\"async\" width=\"388\" height=\"584\" src=\"https:\/\/daskapitelzwei.de\/wp-content\/uploads\/2026\/04\/songbirds-pdf-1-2.png\" alt=\"\" class=\"wp-image-474 size-full\" srcset=\"https:\/\/daskapitelzwei.de\/wp-content\/uploads\/2026\/04\/songbirds-pdf-1-2.png 388w, https:\/\/daskapitelzwei.de\/wp-content\/uploads\/2026\/04\/songbirds-pdf-1-2-199x300.png 199w, https:\/\/daskapitelzwei.de\/wp-content\/uploads\/2026\/04\/songbirds-pdf-1-2-8x12.png 8w\" sizes=\"auto, (max-width: 388px) 100vw, 388px\" \/><\/figure><div class=\"wp-block-media-text__content\">\n<p>This Sunday, Kapitel will feature fresh pop music from the region. The Songbirds will perform a cappella pop, and Hanna will sing German songs she wrote herself.<br>Afterward, there\u2019ll be plenty of food to satisfy your hunger, so come on down to listen and feast!<br><br>Entry based on donations<br>Doors open at 5 p.m.<br>Starts at 5:30 p.m.<\/p>\n<\/div><\/div>\n\n\n\n<hr class=\"wp-block-separator has-alpha-channel-opacity\"\/>\n\n\n\n<p class=\"has-text-align-center\">Dear friends of the Kapitel, the next construction days are coming up!<br>On April 30 (10 a.m.\u20133 p.m.), May 1 and 2 (10 a.m.\u20139 p.m.), and May 3 (cleanup from 10 a.m.\u201312 p.m.), we want to pitch in together to redesign the warehouse and do other fun things, depending on who\u2019s there! We need all your skills:<\/p>\n\n\n\n<ul class=\"wp-block-list\">\n<li>Take apart and put together, saw, invent<\/li>\n\n\n\n<li>Clearing out and organizing\u2014so that all the stuff we have is easily accessible to everyone<\/li>\n\n\n\n<li>Designing to make the library a truly cozy space<\/li>\n\n\n\n<li>\u2026 We\u2019ve got plenty of ideas! We just need you to pitch in:)<\/li>\n<\/ul>\n\n\n\n<p class=\"has-text-align-center\">If you'd like to help out, feel free to reach out to us on Instagram or via email and let us know around what time you'll be able to come, so we have an idea of how many people to prepare food for\ud83d\ude0a<\/p>\n\n\n\n<hr class=\"wp-block-separator has-alpha-channel-opacity\"\/>\n\n\n\n<p>Creating postcards together - against deportation and for the freedom of movement for all!\nOn May 3rd, we're meeting again from 2:00 p.m. to 6:00 p.m. at 'Kapitel 3' to create postcards!\ud83e\udd95\nWe want to create a welcoming space where everyone feels comfortable and can be creative together. \u2728<\/p>\n\n\n\n<div class=\"wp-block-media-text is-stacked-on-mobile\" style=\"grid-template-columns:47% auto\"><figure class=\"wp-block-media-text__media\"><img loading=\"lazy\" decoding=\"async\" width=\"819\" height=\"1024\" src=\"https:\/\/daskapitelzwei.de\/wp-content\/uploads\/2026\/04\/postkarten-819x1024.jpeg\" alt=\"\" class=\"wp-image-484 size-full\" srcset=\"https:\/\/daskapitelzwei.de\/wp-content\/uploads\/2026\/04\/postkarten-819x1024.jpeg 819w, https:\/\/daskapitelzwei.de\/wp-content\/uploads\/2026\/04\/postkarten-240x300.jpeg 240w, https:\/\/daskapitelzwei.de\/wp-content\/uploads\/2026\/04\/postkarten-768x960.jpeg 768w, https:\/\/daskapitelzwei.de\/wp-content\/uploads\/2026\/04\/postkarten-10x12.jpeg 10w, https:\/\/daskapitelzwei.de\/wp-content\/uploads\/2026\/04\/postkarten.jpeg 1080w\" sizes=\"auto, (max-width: 819px) 100vw, 819px\" \/><\/figure><div class=\"wp-block-media-text__content\">\n<p>We'll have:<br>- Blank postcards \ud83d\uddd2\ufe0f<br>- Various paints \ud83d\udd8d\ufe0f<br>- Collage materials \u26f0\ufe0f\ud83e\udd55<br>- linocut supplies\u270f\ufe0f<br>- pearl jewellery supplies \u2728<br>- Drinks (donations welcome)\ud83e\udd64<br>- Food (donations welcome)\ud83e\udd63<\/p>\n<\/div><\/div>\n\n\n\n<p>If you'd like to use something specific for crafting, feel free to bring it along. \ud83d\udc07\nIf you'd like, you can give us your design for reproduction after the meeting. You'll get your original back as soon as we've scanned it.&nbsp;<\/p>\n\n\n\n<p>We'll be handing out the postcards at various events in exchange for donations. We'll donate the money raised to political groups. Currently, we're supporting the anti-racist work of&nbsp;<a href=\"https:\/\/www.instagram.com\/wuerzburgsolidarisch\/\">@wuerzburgsolidarisch<\/a>&nbsp;We look forward to seeing you and maybe your friends too!\nIf you have any questions or concerns, feel free to send us a message anytime.\ud83e\udde1<\/p>\n\n\n\n<hr class=\"wp-block-separator has-alpha-channel-opacity\"\/>\n\n\n\n<div class=\"wp-block-media-text is-stacked-on-mobile\" style=\"grid-template-columns:48% auto\"><figure class=\"wp-block-media-text__media\"><img loading=\"lazy\" decoding=\"async\" width=\"768\" height=\"1024\" src=\"https:\/\/daskapitelzwei.de\/wp-content\/uploads\/2026\/04\/community-music-klein-768x1024.jpg\" alt=\"\" class=\"wp-image-479 size-full\" srcset=\"https:\/\/daskapitelzwei.de\/wp-content\/uploads\/2026\/04\/community-music-klein-768x1024.jpg 768w, https:\/\/daskapitelzwei.de\/wp-content\/uploads\/2026\/04\/community-music-klein-225x300.jpg 225w, https:\/\/daskapitelzwei.de\/wp-content\/uploads\/2026\/04\/community-music-klein-1152x1536.jpg 1152w, https:\/\/daskapitelzwei.de\/wp-content\/uploads\/2026\/04\/community-music-klein-1536x2048.jpg 1536w, https:\/\/daskapitelzwei.de\/wp-content\/uploads\/2026\/04\/community-music-klein-9x12.jpg 9w, https:\/\/daskapitelzwei.de\/wp-content\/uploads\/2026\/04\/community-music-klein-scaled.jpg 1920w\" sizes=\"auto, (max-width: 768px) 100vw, 768px\" \/><\/figure><div class=\"wp-block-media-text__content\">\n<p><br>Happiness \u2013 Community Music<br><br>What does happiness mean to you and those around you?<br>With our voices, instruments, and bodies, we make happiness something you can feel and hear.<br>Come on by, with or without an instrument!<br><br>04.05.<br>18.05.<br>22.05.<br>6:30\u20137:30 p.m.<\/p>\n\n\n\n<p><\/p>\n<\/div><\/div>\n\n\n\n<hr class=\"wp-block-separator has-alpha-channel-opacity\"\/>\n\n\n\n<p class=\"has-text-align-center\">Feel free to visit us at <a href=\"https:\/\/www.instagram.com\/daskapiteldrei?igsh=MWI0dWxzOXJ4dGNsdw%3D%3D&amp;utm_source=qr\">Instagram <\/a><\/p>\n\n\n\n<hr class=\"wp-block-separator has-alpha-channel-opacity\"\/>","protected":false},"excerpt":{"rendered":"<p>Diesen Sonntag gibts im Kapitel frische Popmusik aus der Region. Die Songbirds haben Acapella-Pop im Gep\u00e4ck und Hanna kredenzt dazu deutsche Songs aus eigener Feder.F\u00fcr die hungrigen B\u00e4uche ist danach mit einer K\u00fcfa gesorgt, kommt also alle zum lauschen und schmausen! Eintritt auf SpendenbasisEinlass um 17 UhrBeginn um 17:30 Liebe Freund*innen vom Kapitel, die n\u00e4chsten [&hellip;]<\/p>\n","protected":false},"author":1,"featured_media":0,"parent":0,"menu_order":0,"comment_status":"closed","ping_status":"closed","template":"","meta":{"footnotes":""},"class_list":["post-25","page","type-page","status-publish","hentry"],"_links":{"self":[{"href":"https:\/\/daskapitelzwei.de\/en\/wp-json\/wp\/v2\/pages\/25","targetHints":{"allow":["GET"]}}],"collection":[{"href":"https:\/\/daskapitelzwei.de\/en\/wp-json\/wp\/v2\/pages"}],"about":[{"href":"https:\/\/daskapitelzwei.de\/en\/wp-json\/wp\/v2\/types\/page"}],"author":[{"embeddable":true,"href":"https:\/\/daskapitelzwei.de\/en\/wp-json\/wp\/v2\/users\/1"}],"replies":[{"embeddable":true,"href":"https:\/\/daskapitelzwei.de\/en\/wp-json\/wp\/v2\/comments?post=25"}],"version-history":[{"count":78,"href":"https:\/\/daskapitelzwei.de\/en\/wp-json\/wp\/v2\/pages\/25\/revisions"}],"predecessor-version":[{"id":488,"href":"https:\/\/daskapitelzwei.de\/en\/wp-json\/wp\/v2\/pages\/25\/revisions\/488"}],"wp:attachment":[{"href":"https:\/\/daskapitelzwei.de\/en\/wp-json\/wp\/v2\/media?parent=25"}],"curies":[{"name":"wp","href":"https:\/\/api.w.org\/{rel}","templated":true}]}}